{"id":259,"date":"2021-04-26T09:08:23","date_gmt":"2021-04-26T07:08:23","guid":{"rendered":"http:\/\/www.kanea.be\/?page_id=259"},"modified":"2021-05-29T11:35:43","modified_gmt":"2021-05-29T09:35:43","slug":"les-ptits-chefs-juillet-2021","status":"publish","type":"page","link":"https:\/\/kanea.be\/?page_id=259","title":{"rendered":"Les P&rsquo;tits Chefs &#8211; juillet 2021"},"content":{"rendered":"\t\t<div data-elementor-type=\"wp-page\" data-elementor-id=\"259\" class=\"elementor elementor-259\" data-elementor-settings=\"[]\">\n\t\t\t\t\t\t<div class=\"elementor-inner\">\n\t\t\t\t\t\t\t<div class=\"elementor-section-wrap\">\n\t\t\t\t\t\t\t<section class=\"elementor-section elementor-top-section elementor-element elementor-element-1bc3c9e elementor-section-boxed elementor-section-height-default elementor-section-height-default\" data-id=\"1bc3c9e\" data-element_type=\"section\">\n\t\t\t\t\t\t<div class=\"elementor-container elementor-column-gap-default\">\n\t\t\t\t\t\t\t<div class=\"elementor-row\">\n\t\t\t\t\t<div class=\"elementor-column elementor-col-100 elementor-top-column elementor-element elementor-element-46aa8a8\" data-id=\"46aa8a8\" data-element_type=\"column\">\n\t\t\t<div class=\"elementor-column-wrap elementor-element-populated\">\n\t\t\t\t\t\t\t<div class=\"elementor-widget-wrap\">\n\t\t\t\t\t\t<div class=\"elementor-element elementor-element-2486d11 elementor-widget elementor-widget-image\" data-id=\"2486d11\" data-element_type=\"widget\" data-widget_type=\"image.default\">\n\t\t\t\t<div class=\"elementor-widget-container\">\n\t\t\t\t\t\t\t\t<div class=\"elementor-image\">\n\t\t\t\t\t\t\t\t\t\t\t\t<img width=\"300\" height=\"300\" src=\"https:\/\/kanea.be\/wp-content\/uploads\/2021\/05\/KANEA-JUILLET-21-1-complet-300x300.jpg\" class=\"attachment-medium size-medium\" alt=\"\" loading=\"lazy\" srcset=\"https:\/\/kanea.be\/wp-content\/uploads\/2021\/05\/KANEA-JUILLET-21-1-complet-300x300.jpg 300w, https:\/\/kanea.be\/wp-content\/uploads\/2021\/05\/KANEA-JUILLET-21-1-complet-1024x1024.jpg 1024w, https:\/\/kanea.be\/wp-content\/uploads\/2021\/05\/KANEA-JUILLET-21-1-complet-150x150.jpg 150w, https:\/\/kanea.be\/wp-content\/uploads\/2021\/05\/KANEA-JUILLET-21-1-complet-768x768.jpg 768w, https:\/\/kanea.be\/wp-content\/uploads\/2021\/05\/KANEA-JUILLET-21-1-complet-1536x1536.jpg 1536w, https:\/\/kanea.be\/wp-content\/uploads\/2021\/05\/KANEA-JUILLET-21-1-complet-2048x2048.jpg 2048w\" sizes=\"(max-width: 300px) 100vw, 300px\" \/>\t\t\t\t\t\t\t\t\t\t\t\t\t\t<\/div>\n\t\t\t\t\t\t<\/div>\n\t\t\t\t<\/div>\n\t\t\t\t<div class=\"elementor-element elementor-element-ed9e836 elementor-widget elementor-widget-text-editor\" data-id=\"ed9e836\" data-element_type=\"widget\" data-widget_type=\"text-editor.default\">\n\t\t\t\t<div class=\"elementor-widget-container\">\n\t\t\t\t\t\t\t\t<div class=\"elementor-text-editor elementor-clearfix\">\n\t\t\t\t\t<p><b>Les P&rsquo;tits Chefs<\/b><\/p>\n<p>On remet le couvert !<\/p>\n<p>Apr\u00e8s le succ\u00e8s de notre stage des p&rsquo;tits chefs en f\u00e9vrier, nous avons d\u00e9cid\u00e9 de relancer l&rsquo;aventure dans une version revue !&nbsp;<\/p>\n<p>Bienvenue donc pour le nouveau stages des petits chefs&#8230; <br>Durant cette semaine de juillet, nous profiterons du cadre et de la m\u00e9t\u00e9o estivale (en principe) pour multiplier les activit\u00e9s en ext\u00e9rieur.<br><span style=\"font-size: 14px;\">Ce stage culinaire multi-activit\u00e9s embarquera les enfants dans un voyage imaginaire tant pour leurs papilles que pour leur esprit ! <br><br>Plusieurs activit\u00e9s sont au programme : chasse au tr\u00e9sor, land art au bois du Wilder, pic-nic, bricolages&#8230; Et bien entendu les recettes quotidiennes r\u00e9alis\u00e9es par nos p&rsquo;tits chefs.<\/span><\/p>\n<p><b>\u00c2ge : 4 &#8211; 8 ans<br>Dates : du 12 au 16 juillet<br><\/b><\/p><p style=\"font-variant-ligatures: normal; font-variant-caps: normal; font-family: Roboto, sans-serif; font-size: 14px; font-style: normal; font-weight: 400;\"><span style=\"font-size: 14px; font-weight: 700;\">Horaire : 9h &#8211; 16h \/ Garderie d\u00e8s 8h30 et de 16h \u00e0 17h30<\/span><\/p><div><b style=\"font-size: 14px; color: var( --e-global-color-text );\">Lieu : Archipel 19 \u2013 Place de l&rsquo;\u00c9glise, 15 \u2013 1082 Berchem-Sainte-Agathe<\/b><br><\/div>\n<p><b>Tarif : 110 \u20ac<\/b><\/p>\n<p><b>Infos : 0479 884 888 ou <span style=\"text-decoration: underline;\"><a href=\"https:\/\/www.kanea.be\/?page_id=86\" target=\"_blank\" rel=\"noopener\">via&nbsp;notre formulaire de contact<\/a><\/span><\/b><\/p>\t\t\t\t\t<\/div>\n\t\t\t\t\t\t<\/div>\n\t\t\t\t<\/div>\n\t\t\t\t\t\t<\/div>\n\t\t\t\t\t<\/div>\n\t\t<\/div>\n\t\t\t\t\t\t\t\t<\/div>\n\t\t\t\t\t<\/div>\n\t\t<\/section>\n\t\t\t\t<section class=\"elementor-section elementor-top-section elementor-element elementor-element-66a64d7 elementor-section-boxed elementor-section-height-default elementor-section-height-default\" data-id=\"66a64d7\" data-element_type=\"section\">\n\t\t\t\t\t\t<div class=\"elementor-container elementor-column-gap-default\">\n\t\t\t\t\t\t\t<div class=\"elementor-row\">\n\t\t\t\t\t<div class=\"elementor-column elementor-col-33 elementor-top-column elementor-element elementor-element-3369d4c\" data-id=\"3369d4c\" data-element_type=\"column\">\n\t\t\t<div class=\"elementor-column-wrap\">\n\t\t\t\t\t\t\t<div class=\"elementor-widget-wrap\">\n\t\t\t\t\t\t\t\t<\/div>\n\t\t\t\t\t<\/div>\n\t\t<\/div>\n\t\t\t\t<div class=\"elementor-column elementor-col-33 elementor-top-column elementor-element elementor-element-4a39043\" data-id=\"4a39043\" data-element_type=\"column\">\n\t\t\t<div class=\"elementor-column-wrap elementor-element-populated\">\n\t\t\t\t\t\t\t<div class=\"elementor-widget-wrap\">\n\t\t\t\t\t\t<div class=\"elementor-element elementor-element-bae2d9e elementor-align-center elementor-widget elementor-widget-button\" data-id=\"bae2d9e\" data-element_type=\"widget\" data-widget_type=\"button.default\">\n\t\t\t\t<div class=\"elementor-widget-container\">\n\t\t\t\t\t<div class=\"elementor-button-wrapper\">\n\t\t\t<a href=\"https:\/\/forms.gle\/YsY9QUS3woQrWqrU7\" target=\"_blank\" class=\"elementor-button-link elementor-button elementor-size-md\" role=\"button\">\n\t\t\t\t\t\t<span class=\"elementor-button-content-wrapper\">\n\t\t\t\t\t\t<span class=\"elementor-button-text\">Inscription<\/span>\n\t\t<\/span>\n\t\t\t\t\t<\/a>\n\t\t<\/div>\n\t\t\t\t<\/div>\n\t\t\t\t<\/div>\n\t\t\t\t\t\t<\/div>\n\t\t\t\t\t<\/div>\n\t\t<\/div>\n\t\t\t\t<div class=\"elementor-column elementor-col-33 elementor-top-column elementor-element elementor-element-04b20cf\" data-id=\"04b20cf\" data-element_type=\"column\">\n\t\t\t<div class=\"elementor-column-wrap\">\n\t\t\t\t\t\t\t<div class=\"elementor-widget-wrap\">\n\t\t\t\t\t\t\t\t<\/div>\n\t\t\t\t\t<\/div>\n\t\t<\/div>\n\t\t\t\t\t\t\t\t<\/div>\n\t\t\t\t\t<\/div>\n\t\t<\/section>\n\t\t\t\t\t\t<\/div>\n\t\t\t\t\t\t<\/div>\n\t\t\t\t\t<\/div>\n\t\t","protected":false},"excerpt":{"rendered":"<p>Les P&rsquo;tits Chefs On remet le couvert ! Apr\u00e8s le succ\u00e8s de notre stage des p&rsquo;tits chefs en f\u00e9vrier, nous avons d\u00e9cid\u00e9 de relancer l&rsquo;aventure dans une version revue !&nbsp; Bienvenue donc pour le nouveau stages des petits chefs&#8230; Durant cette semaine de juillet, nous profiterons du cadre et de la m\u00e9t\u00e9o estivale (en principe) [&hellip;]<\/p>\n","protected":false},"author":1,"featured_media":267,"parent":0,"menu_order":0,"comment_status":"closed","ping_status":"closed","template":"elementor_header_footer","meta":[],"_links":{"self":[{"href":"https:\/\/kanea.be\/index.php?rest_route=\/wp\/v2\/pages\/259"}],"collection":[{"href":"https:\/\/kanea.be\/index.php?rest_route=\/wp\/v2\/pages"}],"about":[{"href":"https:\/\/kanea.be\/index.php?rest_route=\/wp\/v2\/types\/page"}],"author":[{"embeddable":true,"href":"https:\/\/kanea.be\/index.php?rest_route=\/wp\/v2\/users\/1"}],"replies":[{"embeddable":true,"href":"https:\/\/kanea.be\/index.php?rest_route=%2Fwp%2Fv2%2Fcomments&post=259"}],"version-history":[{"count":15,"href":"https:\/\/kanea.be\/index.php?rest_route=\/wp\/v2\/pages\/259\/revisions"}],"predecessor-version":[{"id":304,"href":"https:\/\/kanea.be\/index.php?rest_route=\/wp\/v2\/pages\/259\/revisions\/304"}],"wp:featuredmedia":[{"embeddable":true,"href":"https:\/\/kanea.be\/index.php?rest_route=\/wp\/v2\/media\/267"}],"wp:attachment":[{"href":"https:\/\/kanea.be\/index.php?rest_route=%2Fwp%2Fv2%2Fmedia&parent=259"}],"curies":[{"name":"wp","href":"https:\/\/api.w.org\/{rel}","templated":true}]}}